{"id":124,"date":"2023-04-03T20:31:30","date_gmt":"2023-04-03T17:31:30","guid":{"rendered":"https:\/\/iicbeirut.esteri.it\/gli_eventi\/"},"modified":"2023-10-30T18:18:44","modified_gmt":"2023-10-30T16:18:44","slug":"gli_eventi","status":"publish","type":"page","link":"https:\/\/iicbeirut.esteri.it\/fr\/gli_eventi\/","title":{"rendered":"\u00c9v\u00e9nements"},"content":{"rendered":"        <div class=\"row\">\n\t\t\t<!-- Ricerca sedi post -->\n\t\t\t<div class=\"col-12 mt-4\">\n\t\t\t  <div class=\"callout callout-highlight note ricerca-esteri p-4\">\n                    <div class=\"callout-title\">\n                        <svg class=\"icon\">\n                            <use xlink:href=\"https:\/\/iicbeirut.esteri.it\/wp-content\/themes\/sedi-tema\/assets\/svg\/sprites.svg#it-search\"><\/use>\n                        <\/svg>Entrez vos param\u00e8tres de recherche                    <\/div>\n                    <form id=\"searchFormPost\" name=\"form-search-post\" class=\"form-row align-items-center\" action=\"https:\/\/iicbeirut.esteri.it\/fr\/wp-json\/wp\/v2\/pages\/124\/\" method=\"GET\"> \n                        <!-- <div class=\"form-group pt-5\"> -->\n                            <!-- <input type=\"hidden\" id=\"lang\" name=\"lang\" value=\"\"> --> <!-- <\/div> -->\n\n                        <div class=\"it-datepicker-wrapper\">\n                            <div class=\"row\">\n                                <div class=\"form-group col-md-6\">\n                                    <label class=\"active\" for=\"date-init\">Du<\/label>\n                                    <input class=\"form-control\" name=\"date-init\" id=\"date-init\" type=\"date\" placeholder=\"gg\/mm\/aaaa\" value=\"\"lang=\"en-EN\">  \n                                <\/div>\n                                <div class=\"form-group col-md-6\">\n                                    <label class=\"active\" for=\"date-end\">Au<\/label>\n                                    <input class=\"form-control\" name=\"date-end\" id=\"date-end\" type=\"date\" placeholder=\"gg\/mm\/aaaa\" value=\"\">\n                                <\/div>\n                            <\/div>\n                        <\/div>\n                        <div class=\"form-group col-md-12 mt-3\">\n                            <label for=\"searchText\">Champ de recherche gratuit<\/label>\n                            <input type=\"text\" name=\"searchText\" class=\"form-control\" id=\"searchText\" value=\"\">\n                        <\/div>\n                        <div class=\"form-group col-md-4 offset-md-8 text-end\">\n                            <a href=\"https:\/\/iicbeirut.esteri.it\/fr\/gli_eventi\/\" title=\"Form reset\" id=\"resetImput\" class=\"btn btn-outline-primary btn-xs\">Reset<\/a>\n                            <button type=\"submit\" class=\"btn btn-primary btn-xs\">Montrer les r\u00e9sultats<\/button>\n                        <\/div>\n                    <\/form>\n\t\t\t\t<\/div>\n\t\t\t<\/div>\n\t\t<\/div>\n                    \n            <div class=\"row\">\n                            <div class=\"col-12 mt-3\">\n                <!--start card-->\n                <div class=\"card-wrapper card-space\">\n                    <div class=\"card card-bg card-big border-bottom-card\">\n                        <div class=\"card-body row\">\n                                                    <div class=\"col-sm-3\">\n                                <div class=\"img-responsive\">\n                                    <figure class=\"img-wrapper\">\n                                        <a href=\"https:\/\/iicbeirut.esteri.it\/fr\/gli_eventi\/calendario\/exposition-citta-in-scena-urban-regeneration-the-italian-way-to-a-sustainable-future-2\/\" title=\"Lire l'article: EXPOSITION \u201cCITT\u00c0 IN SCENA. URBAN REGENERATION: THE ITALIAN WAY TO A SUSTAINABLE FUTURE\u201d\">\n                                                                                            <img loading=\"lazy\" decoding=\"async\" width=\"300\" height=\"145\" src=\"https:\/\/iicbeirut.esteri.it\/wp-content\/uploads\/2025\/06\/1920x1080_CiS-300x145.jpg\" srcset=\"https:\/\/iicbeirut.esteri.it\/wp-content\/uploads\/2025\/06\/1920x1080_CiS.jpg 1600w, https:\/\/iicbeirut.esteri.it\/wp-content\/uploads\/2025\/06\/1920x1080_CiS-300x145.jpg 300w, https:\/\/iicbeirut.esteri.it\/wp-content\/uploads\/2025\/06\/1920x1080_CiS-1024x496.jpg 1024w, https:\/\/iicbeirut.esteri.it\/wp-content\/uploads\/2025\/06\/1920x1080_CiS-768x372.jpg 768w\" sizes=\"auto, (max-width: 1600px) 100vw, 1600px\"  title=\"1920x1080_CiS\" alt=\"\" class=\"img-fluid\">\n                                                                                    <\/a>\n                                    <\/figure>\n                                <\/div>\n                            <\/div>\n                            <div class=\"col-sm-9\">\n                                                            <div class=\"category-top\">\n                                    <span class=\"fw-bold \"><\/span>                                                                        <span class=\"\">\n                                        <svg class=\"icon icon-secondary\">\n                                            <use xlink:href=\"https:\/\/iicbeirut.esteri.it\/wp-content\/themes\/sedi-tema\/assets\/svg\/sprites.svg#it-calendar\"><\/use>\n                                        <\/svg> jeu Sep 24 2026<svg class=\"icon icon-xs icon-secondary me-1 ms-1\"><use href=\"https:\/\/iicbeirut.esteri.it\/wp-content\/themes\/sedi-tema\/assets\/svg\/sprites.svg#it-arrow-right\"><\/use><\/svg>jeu Oct 22 2026                                    <\/span>\n                                                                    <\/div>\n                            <h5 class=\"card-title big-heading text-uppercase\"><a class=\"text-body text-decoration-none\" href=\"https:\/\/iicbeirut.esteri.it\/fr\/gli_eventi\/calendario\/exposition-citta-in-scena-urban-regeneration-the-italian-way-to-a-sustainable-future-2\/\" title=\"EXPOSITION \u201cCITT\u00c0 IN SCENA. URBAN REGENERATION: THE ITALIAN WAY TO A SUSTAINABLE FUTURE\u201d\">EXPOSITION \u201cCITT\u00c0 IN SCENA. URBAN REGENERATION: THE ITALIAN WAY TO A SUSTAINABLE FUTURE\u201d<\/a><\/h5>\n                            <p class=\"card-text\">L\u2019Ambassade d\u2019Italie au Liban et l\u2019Institut Culturel Italien de Beyrouth, en collaboration avec la NDU-Notre Dame University of Louaiz, Facult\u00e9 d&rsquo;Architecture, pr\u00e9sentent l\u2019exposition itin\u00e9rante Citt\u00e0 in Scena. Urban Regeneration: the Italian way to a sustainable future, promue par le Minist\u00e8re des Affaires \u00c9trang\u00e8res et de la Coop\u00e9ration Internationale et r\u00e9alis\u00e9e par l\u2019Ance, l\u2019Association Mecenate 90 [&hellip;]<\/p>\n                                <a title=\"EXPOSITION \u201cCITT\u00c0 IN SCENA. URBAN REGENERATION: THE ITALIAN WAY TO A SUSTAINABLE FUTURE\u201d\" class=\"read-more\" href=\"https:\/\/iicbeirut.esteri.it\/fr\/gli_eventi\/calendario\/exposition-citta-in-scena-urban-regeneration-the-italian-way-to-a-sustainable-future-2\/\">\n                                    <span class=\"text\">Lire la suite<\/span>\n                                    <svg class=\"icon\">\n                                    <use xlink:href=\"https:\/\/iicbeirut.esteri.it\/wp-content\/themes\/sedi-tema\/assets\/svg\/sprites.svg#it-arrow-right\"><\/use>\n                                    <\/svg>\n                                <\/a>\n                                                        <\/div>\n                                                    <\/div>\n                    <\/div>\n                <\/div>\n                <!--end card-->\n                <\/div><!-- col-12 .mt-3-->\n                            <div class=\"col-12 mt-3\">\n                <!--start card-->\n                <div class=\"card-wrapper card-space\">\n                    <div class=\"card card-bg card-big border-bottom-card\">\n                        <div class=\"card-body row\">\n                                                    <div class=\"col-sm-3\">\n                                <div class=\"img-responsive\">\n                                    <figure class=\"img-wrapper\">\n                                        <a href=\"https:\/\/iicbeirut.esteri.it\/fr\/gli_eventi\/calendario\/projection-du-film-la-grazia-30o-festival-du-cinema-europeen-de-beyrouth\/\" title=\"Lire l'article: PROJECTION DU FILM \u201cLA GRAZIA\u201d | 30\u00ba FESTIVAL DU CIN\u00c9MA EUROP\u00c9EN DE BEYROUTH\">\n                                                                                            <img loading=\"lazy\" decoding=\"async\" width=\"300\" height=\"158\" src=\"https:\/\/iicbeirut.esteri.it\/wp-content\/uploads\/2026\/05\/LaGrazia_Facebook_OGImage-300x158.jpg\" srcset=\"https:\/\/iicbeirut.esteri.it\/wp-content\/uploads\/2026\/05\/LaGrazia_Facebook_OGImage.jpg 1200w, https:\/\/iicbeirut.esteri.it\/wp-content\/uploads\/2026\/05\/LaGrazia_Facebook_OGImage-300x158.jpg 300w, https:\/\/iicbeirut.esteri.it\/wp-content\/uploads\/2026\/05\/LaGrazia_Facebook_OGImage-1024x538.jpg 1024w, https:\/\/iicbeirut.esteri.it\/wp-content\/uploads\/2026\/05\/LaGrazia_Facebook_OGImage-768x403.jpg 768w\" sizes=\"auto, (max-width: 1200px) 100vw, 1200px\"  title=\"LaGrazia_Facebook_OGImage\" alt=\"\" class=\"img-fluid\">\n                                                                                    <\/a>\n                                    <\/figure>\n                                <\/div>\n                            <\/div>\n                            <div class=\"col-sm-9\">\n                                                            <div class=\"category-top\">\n                                    <span class=\"fw-bold \"><\/span>                                                                        <span class=\"\">\n                                        <svg class=\"icon icon-secondary\">\n                                            <use xlink:href=\"https:\/\/iicbeirut.esteri.it\/wp-content\/themes\/sedi-tema\/assets\/svg\/sprites.svg#it-calendar\"><\/use>\n                                        <\/svg> jeu Oct 08 2026<svg class=\"icon icon-xs icon-secondary me-1 ms-1\"><use href=\"https:\/\/iicbeirut.esteri.it\/wp-content\/themes\/sedi-tema\/assets\/svg\/sprites.svg#it-arrow-right\"><\/use><\/svg>sam Oct 17 2026                                    <\/span>\n                                                                    <\/div>\n                            <h5 class=\"card-title big-heading text-uppercase\"><a class=\"text-body text-decoration-none\" href=\"https:\/\/iicbeirut.esteri.it\/fr\/gli_eventi\/calendario\/projection-du-film-la-grazia-30o-festival-du-cinema-europeen-de-beyrouth\/\" title=\"PROJECTION DU FILM \u201cLA GRAZIA\u201d | 30\u00ba FESTIVAL DU CIN\u00c9MA EUROP\u00c9EN DE BEYROUTH\">PROJECTION DU FILM \u201cLA GRAZIA\u201d | 30\u00ba FESTIVAL DU CIN\u00c9MA EUROP\u00c9EN DE BEYROUTH<\/a><\/h5>\n                            <p class=\"card-text\">L\u2019Institut Culturel Italien participe au 30\u1d49 Festival du Cin\u00e9ma Europ\u00e9en de Beyrouth avec le film La Grazia de Paolo Sorrentino. Pr\u00e9sent\u00e9 comme film d\u2019ouverture de la 82\u1d49 Mostra Internationale d\u2019Art Cin\u00e9matographique de Venise (2025), il a \u00e9t\u00e9 accueilli tr\u00e8s favorablement par la critique et le public. Parmi les distinctions les plus importantes figurent la Coupe [&hellip;]<\/p>\n                                <a title=\"PROJECTION DU FILM \u201cLA GRAZIA\u201d | 30\u00ba FESTIVAL DU CIN\u00c9MA EUROP\u00c9EN DE BEYROUTH\" class=\"read-more\" href=\"https:\/\/iicbeirut.esteri.it\/fr\/gli_eventi\/calendario\/projection-du-film-la-grazia-30o-festival-du-cinema-europeen-de-beyrouth\/\">\n                                    <span class=\"text\">Lire la suite<\/span>\n                                    <svg class=\"icon\">\n                                    <use xlink:href=\"https:\/\/iicbeirut.esteri.it\/wp-content\/themes\/sedi-tema\/assets\/svg\/sprites.svg#it-arrow-right\"><\/use>\n                                    <\/svg>\n                                <\/a>\n                                                        <\/div>\n                                                    <\/div>\n                    <\/div>\n                <\/div>\n                <!--end card-->\n                <\/div><!-- col-12 .mt-3-->\n            \n            <div class=\"col-md-12 mt-4 pb-4\">\n                <nav class=\"navigation col-md-12\" aria-label=\"Navigation\">\n                    <h2 class=\"screen-reader-text visually-hidden\">Pagination<\/h2>\n                    <div class=\"nav-links\">\n                                        <\/div>\n                <\/nav>\n            <\/div>   <!--.col-md-12 -->\n              <\/div><!--.row -->\n              \n","protected":false},"excerpt":{"rendered":"","protected":false},"author":1,"featured_media":0,"parent":0,"menu_order":6,"comment_status":"closed","ping_status":"closed","template":"","meta":{"footnotes":""},"class_list":["post-124","page","type-page","status-publish","hentry"],"_links":{"self":[{"href":"https:\/\/iicbeirut.esteri.it\/fr\/wp-json\/wp\/v2\/pages\/124","targetHints":{"allow":["GET"]}}],"collection":[{"href":"https:\/\/iicbeirut.esteri.it\/fr\/wp-json\/wp\/v2\/pages"}],"about":[{"href":"https:\/\/iicbeirut.esteri.it\/fr\/wp-json\/wp\/v2\/types\/page"}],"author":[{"embeddable":true,"href":"https:\/\/iicbeirut.esteri.it\/fr\/wp-json\/wp\/v2\/users\/1"}],"replies":[{"embeddable":true,"href":"https:\/\/iicbeirut.esteri.it\/fr\/wp-json\/wp\/v2\/comments?post=124"}],"version-history":[{"count":1,"href":"https:\/\/iicbeirut.esteri.it\/fr\/wp-json\/wp\/v2\/pages\/124\/revisions"}],"predecessor-version":[{"id":163,"href":"https:\/\/iicbeirut.esteri.it\/fr\/wp-json\/wp\/v2\/pages\/124\/revisions\/163"}],"wp:attachment":[{"href":"https:\/\/iicbeirut.esteri.it\/fr\/wp-json\/wp\/v2\/media?parent=124"}],"curies":[{"name":"wp","href":"https:\/\/api.w.org\/{rel}","templated":true}]}}